{"id":1486,"date":"2026-03-01T20:09:51","date_gmt":"2026-03-01T19:09:51","guid":{"rendered":"https:\/\/events-cm.com\/?post_type=project&#038;p=1486"},"modified":"2026-03-01T20:15:41","modified_gmt":"2026-03-01T19:15:41","slug":"seminaire-a-majorque-50-pax","status":"publish","type":"project","link":"https:\/\/events-cm.com\/cs\/project\/seminaire-a-majorque-50-pax\/","title":{"rendered":"S\u00e9minaire \u00e0 Majorque &#8211; 50 pax"},"content":{"rendered":"<p>[et_pb_section fb_built=&#8220;1&#8243; fullwidth=&#8220;on&#8220; _builder_version=&#8220;4.27.4&#8243; da_disable_devices=&#8220;off|off|off&#8220; global_colors_info=&#8220;{}&#8220; da_is_popup=&#8220;off&#8220; da_exit_intent=&#8220;off&#8220; da_has_close=&#8220;on&#8220; da_alt_close=&#8220;off&#8220; da_dark_close=&#8220;off&#8220; da_not_modal=&#8220;on&#8220; da_is_singular=&#8220;off&#8220; da_with_loader=&#8220;off&#8220; da_has_shadow=&#8220;on&#8220;][et_pb_fullwidth_post_title meta=&#8220;off&#8220; featured_image=&#8220;off&#8220; text_color=&#8220;light&#8220; _builder_version=&#8220;4.16&#8243; title_font=&#8220;|800|||||||&#8220; title_font_size=&#8220;52px&#8220; background_color=&#8220;rgba(224,153,0,0.31)&#8220; background_image=&#8220;http:\/\/events-cm.com\/wp-content\/uploads\/2020\/10\/Nimes-travelling-in-south-of-France.jpg&#8220; parallax=&#8220;on&#8220; parallax_method=&#8220;off&#8220; text_orientation=&#8220;center&#8220; custom_padding=&#8220;||60px|&#8220; z_index_tablet=&#8220;500&#8243; title_text_shadow_horizontal_length_tablet=&#8220;0px&#8220; title_text_shadow_vertical_length_tablet=&#8220;0px&#8220; title_text_shadow_blur_strength_tablet=&#8220;1px&#8220; meta_text_shadow_horizontal_length_tablet=&#8220;0px&#8220; meta_text_shadow_vertical_length_tablet=&#8220;0px&#8220; meta_text_shadow_blur_strength_tablet=&#8220;1px&#8220; box_shadow_horizontal_tablet=&#8220;0px&#8220; box_shadow_vertical_tablet=&#8220;0px&#8220; box_shadow_blur_tablet=&#8220;40px&#8220; box_shadow_spread_tablet=&#8220;0px&#8220; text_shadow_style=&#8220;preset3&#8243; text_shadow_blur_strength_tablet=&#8220;1px&#8220; global_colors_info=&#8220;{}&#8220;][\/et_pb_fullwidth_post_title][\/et_pb_section][et_pb_section fb_built=&#8220;1&#8243; _builder_version=&#8220;4.16&#8243; da_disable_devices=&#8220;off|off|off&#8220; global_colors_info=&#8220;{}&#8220; da_is_popup=&#8220;off&#8220; da_exit_intent=&#8220;off&#8220; da_has_close=&#8220;on&#8220; da_alt_close=&#8220;off&#8220; da_dark_close=&#8220;off&#8220; da_not_modal=&#8220;on&#8220; da_is_singular=&#8220;off&#8220; da_with_loader=&#8220;off&#8220; da_has_shadow=&#8220;on&#8220;][et_pb_row column_structure=&#8220;1_2,1_2&#8243; _builder_version=&#8220;4.16&#8243; background_size=&#8220;initial&#8220; background_position=&#8220;top_left&#8220; background_repeat=&#8220;repeat&#8220; global_colors_info=&#8220;{}&#8220;][et_pb_column type=&#8220;1_2&#8243; _builder_version=&#8220;4.16&#8243; custom_padding=&#8220;|||&#8220; global_colors_info=&#8220;{}&#8220; custom_padding__hover=&#8220;|||&#8220;][et_pb_gallery gallery_ids=&#8220;1527,1550,1547,1553&#8243; fullwidth=&#8220;on&#8220; _builder_version=&#8220;4.27.4&#8243; auto=&#8220;on&#8220; z_index_tablet=&#8220;500&#8243; title_text_shadow_horizontal_length_tablet=&#8220;0px&#8220; title_text_shadow_vertical_length_tablet=&#8220;0px&#8220; title_text_shadow_blur_strength_tablet=&#8220;1px&#8220; caption_text_shadow_horizontal_length_tablet=&#8220;0px&#8220; caption_text_shadow_vertical_length_tablet=&#8220;0px&#8220; caption_text_shadow_blur_strength_tablet=&#8220;1px&#8220; pagination_text_shadow_horizontal_length_tablet=&#8220;0px&#8220; pagination_text_shadow_vertical_length_tablet=&#8220;0px&#8220; pagination_text_shadow_blur_strength_tablet=&#8220;1px&#8220; box_shadow_horizontal_tablet=&#8220;0px&#8220; box_shadow_vertical_tablet=&#8220;0px&#8220; box_shadow_blur_tablet=&#8220;40px&#8220; box_shadow_spread_tablet=&#8220;0px&#8220; box_shadow_horizontal_image_tablet=&#8220;0px&#8220; box_shadow_vertical_image_tablet=&#8220;0px&#8220; box_shadow_blur_image_tablet=&#8220;40px&#8220; box_shadow_spread_image_tablet=&#8220;0px&#8220; text_shadow_horizontal_length_tablet=&#8220;0px&#8220; text_shadow_vertical_length_tablet=&#8220;0px&#8220; text_shadow_blur_strength_tablet=&#8220;1px&#8220; global_colors_info=&#8220;{}&#8220;][\/et_pb_gallery][\/et_pb_column][et_pb_column type=&#8220;1_2&#8243; _builder_version=&#8220;4.16&#8243; custom_padding=&#8220;|||&#8220; global_colors_info=&#8220;{}&#8220; custom_padding__hover=&#8220;|||&#8220;][et_pb_text _builder_version=&#8220;4.27.4&#8243; custom_padding=&#8220;0px|||||&#8220; animation_style=&#8220;slide&#8220; animation_direction=&#8220;right&#8220; z_index_tablet=&#8220;500&#8243; text_text_shadow_horizontal_length_tablet=&#8220;0px&#8220; text_text_shadow_vertical_length_tablet=&#8220;0px&#8220; text_text_shadow_blur_strength_tablet=&#8220;1px&#8220; link_text_shadow_horizontal_length_tablet=&#8220;0px&#8220; link_text_shadow_vertical_length_tablet=&#8220;0px&#8220; link_text_shadow_blur_strength_tablet=&#8220;1px&#8220; ul_text_shadow_horizontal_length_tablet=&#8220;0px&#8220; ul_text_shadow_vertical_length_tablet=&#8220;0px&#8220; ul_text_shadow_blur_strength_tablet=&#8220;1px&#8220; ol_text_shadow_horizontal_length_tablet=&#8220;0px&#8220; ol_text_shadow_vertical_length_tablet=&#8220;0px&#8220; ol_text_shadow_blur_strength_tablet=&#8220;1px&#8220; quote_text_shadow_horizontal_length_tablet=&#8220;0px&#8220; quote_text_shadow_vertical_length_tablet=&#8220;0px&#8220; quote_text_shadow_blur_strength_tablet=&#8220;1px&#8220; header_text_shadow_horizontal_length_tablet=&#8220;0px&#8220; header_text_shadow_vertical_length_tablet=&#8220;0px&#8220; header_text_shadow_blur_strength_tablet=&#8220;1px&#8220; header_2_text_shadow_horizontal_length_tablet=&#8220;0px&#8220; header_2_text_shadow_vertical_length_tablet=&#8220;0px&#8220; header_2_text_shadow_blur_strength_tablet=&#8220;1px&#8220; header_3_text_shadow_horizontal_length_tablet=&#8220;0px&#8220; header_3_text_shadow_vertical_length_tablet=&#8220;0px&#8220; header_3_text_shadow_blur_strength_tablet=&#8220;1px&#8220; header_4_text_shadow_horizontal_length_tablet=&#8220;0px&#8220; header_4_text_shadow_vertical_length_tablet=&#8220;0px&#8220; header_4_text_shadow_blur_strength_tablet=&#8220;1px&#8220; header_5_text_shadow_horizontal_length_tablet=&#8220;0px&#8220; header_5_text_shadow_vertical_length_tablet=&#8220;0px&#8220; header_5_text_shadow_blur_strength_tablet=&#8220;1px&#8220; header_6_text_shadow_horizontal_length_tablet=&#8220;0px&#8220; header_6_text_shadow_vertical_length_tablet=&#8220;0px&#8220; header_6_text_shadow_blur_strength_tablet=&#8220;1px&#8220; box_shadow_horizontal_tablet=&#8220;0px&#8220; box_shadow_vertical_tablet=&#8220;0px&#8220; box_shadow_blur_tablet=&#8220;40px&#8220; box_shadow_spread_tablet=&#8220;0px&#8220; global_colors_info=&#8220;{}&#8220;]<\/p>\n<h4>Accompagnement de groupe et coordination, programme :<\/h4>\n<h4>Journ\u00e9e 1<\/h4>\n<p>Transfert vers Portal Nous<\/p>\n<p>Visite de Palma inclus l\u2019entr\u00e9e \u00e0 la cath\u00e9drale<br \/>Barbecue \u00e0 l\u2019h\u00f4tel<\/p>\n<h4>Journ\u00e9e 2<\/h4>\n<p>R\u00e9union\/d\u00e9jeuner sous forme d&#8217;atelier \u00e0 l\u2019h\u00f4tel<br \/>Transfert en train vintage vers Soller\u00a0 \u00a0 \u00a0 \u00a0 \u00a0 \u00a0 \u00a0 \u00a0 \u00a0 \u00a0 \u00a0 \u00a0 \u00a0 \u00a0 \u00a0 \u00a0 \u00a0 \u00a0 \u00a0 \u00a0 \u00a0 \u00a0 \u00a0 \u00a0 \u00a0 \u00a0 \u00a0 \u00a0 \u00a0 \u00a0 Visite guid\u00e9e de Soller<br \/>D\u00e9jeuner dans un restaurant \u00e0 Soller<br \/>Retour \u00e0 Palma<br \/>D\u00eener dans un restaurant situ\u00e9 \u00e0 Palma\/Retour \u00e0 Portal Nous<\/p>\n<h4>Journ\u00e9e 3<\/h4>\n<p>Matin\u00e9e en pl\u00e9ni\u00e8re<br \/>D\u00e9jeuner en terrasse avec vue sur la mer<br \/>Temps libre OU activit\u00e9 au choix.<br \/>D\u00eener de cl\u00f4ture \u00e0 la verrerie Gordiola avec animation (quizz\/karaok\u00e9\/DJ durant la soir\u00e9e)<\/p>\n<h4>Journ\u00e9e 4<\/h4>\n<p>D\u00e9part de Majorque en matin\u00e9e.<\/p>\n<p>&nbsp;<\/p>\n<p>&nbsp;<\/p>\n<p>[\/et_pb_text][\/et_pb_column][\/et_pb_row][\/et_pb_section]<\/p>\n","protected":false},"excerpt":{"rendered":"<p>Accompagnement de groupe et coordination, programme : Journ\u00e9e 1 Transfert vers Portal Nous Visite de Palma inclus l\u2019entr\u00e9e \u00e0 la cath\u00e9draleBarbecue \u00e0 l\u2019h\u00f4tel Journ\u00e9e 2 R\u00e9union\/d\u00e9jeuner sous forme d&#8217;atelier \u00e0 l\u2019h\u00f4telTransfert en train vintage vers Soller\u00a0 \u00a0 \u00a0 \u00a0 \u00a0 \u00a0 \u00a0 \u00a0 \u00a0 \u00a0 \u00a0 \u00a0 \u00a0 \u00a0 \u00a0 \u00a0 \u00a0 \u00a0 \u00a0 \u00a0 [&hellip;]<\/p>\n","protected":false},"author":1,"featured_media":0,"comment_status":"open","ping_status":"closed","template":"","meta":{"_et_pb_use_builder":"on","_et_pb_old_content":"<div class=\"et_pb_column et_pb_column_1_2 et_pb_column_1 et_pb_css_mix_blend_mode_passthrough et-last-child\"><div class=\"et_pb_module et_pb_text et_pb_text_0 et_pb_text_align_left et_pb_bg_layout_light et_had_animation\"><div class=\"et_pb_text_inner\"><h4>Accompagnement de groupe et coordination, programme :<\/h4><h4>Journ\u00e9e 1<\/h4><p>Transfert vers Portal Nous<\/p><p>Visite de Palma inclus l\u2019entr\u00e9e \u00e0 la cath\u00e9drale<br \/>Barbecue \u00e0 l\u2019h\u00f4tel<\/p><h4>Journ\u00e9e 2<\/h4><p>R\u00e9union\/d\u00e9jeuner sous forme d'atelier \u00e0 l\u2019h\u00f4tel<br \/>Transfert en train vintage vers Soller\u00a0 \u00a0 \u00a0 \u00a0 \u00a0 \u00a0 \u00a0 \u00a0 \u00a0 \u00a0 \u00a0 \u00a0 \u00a0 \u00a0 \u00a0 \u00a0 \u00a0 \u00a0 \u00a0 \u00a0 \u00a0 \u00a0 \u00a0 \u00a0 \u00a0 \u00a0 \u00a0 \u00a0 \u00a0 \u00a0 \u00a0 \u00a0 \u00a0 \u00a0 \u00a0 \u00a0 \u00a0 \u00a0 \u00a0 \u00a0 \u00a0 \u00a0 \u00a0 \u00a0 \u00a0 \u00a0 \u00a0 \u00a0 \u00a0 \u00a0 \u00a0 \u00a0 \u00a0 \u00a0 \u00a0 \u00a0 \u00a0 \u00a0 \u00a0 \u00a0 \u00a0 \u00a0 \u00a0 \u00a0 \u00a0 \u00a0 \u00a0 \u00a0 \u00a0Visite guid\u00e9e de Soller<br \/>D\u00e9jeuner dans un restaurant \u00e0 Soller<br \/>Retour \u00e0 Palma<br \/>D\u00eener dans un restaurant situ\u00e9 \u00e0 Palma\/Retour \u00e0 Portal Nous<\/p><h4>Journ\u00e9e 3<\/h4><p>Matin\u00e9e en pl\u00e9ni\u00e8re<br \/>D\u00e9jeuner en terrasse avec vue sur la mer<br \/>Temps libre OU activit\u00e9 au choix.<br \/>D\u00eener de cl\u00f4ture \u00e0 la verrerie Gordiola avec animation (quizz\/karaok\u00e9\/DJ durant la soir\u00e9e)<\/p><h4>Journ\u00e9e 4<\/h4><p>D\u00e9part de Majorque en matin\u00e9e.<\/p><\/div><\/div><\/div>","_et_gb_content_width":"","footnotes":""},"project_category":[26],"project_tag":[60,137,138,139,140,141,61,62],"class_list":["post-1486","project","type-project","status-publish","hentry","project_category-mice-cs","project_tag-assemblee-generale-cs","project_tag-espagne","project_tag-freelance","project_tag-leonardo-boutique-hotel","project_tag-majorque","project_tag-meetings","project_tag-mice-cs","project_tag-seminaire-cs"],"yoast_head":"<!-- This site is optimized with the Yoast SEO plugin v27.5 - https:\/\/yoast.com\/product\/yoast-seo-wordpress\/ -->\n<title>S\u00e9minaire \u00e0 Majorque - 50 pax - Events CM, freelance services for DMC and out-going agencies<\/title>\n<meta name=\"robots\" content=\"index, follow, max-snippet:-1, max-image-preview:large, max-video-preview:-1\" \/>\n<link rel=\"canonical\" href=\"https:\/\/events-cm.com\/cs\/project\/seminaire-a-majorque-50-pax\/\" \/>\n<meta property=\"og:locale\" content=\"cs_CZ\" \/>\n<meta property=\"og:type\" content=\"article\" \/>\n<meta property=\"og:title\" content=\"S\u00e9minaire \u00e0 Majorque - 50 pax - Events CM, freelance services for DMC and out-going agencies\" \/>\n<meta property=\"og:description\" content=\"Accompagnement de groupe et coordination, programme : Journ\u00e9e 1 Transfert vers Portal Nous Visite de Palma inclus l\u2019entr\u00e9e \u00e0 la cath\u00e9draleBarbecue \u00e0 l\u2019h\u00f4tel Journ\u00e9e 2 R\u00e9union\/d\u00e9jeuner sous forme d&#039;atelier \u00e0 l\u2019h\u00f4telTransfert en train vintage vers Soller\u00a0 \u00a0 \u00a0 \u00a0 \u00a0 \u00a0 \u00a0 \u00a0 \u00a0 \u00a0 \u00a0 \u00a0 \u00a0 \u00a0 \u00a0 \u00a0 \u00a0 \u00a0 \u00a0 \u00a0 [&hellip;]\" \/>\n<meta property=\"og:url\" content=\"https:\/\/events-cm.com\/cs\/project\/seminaire-a-majorque-50-pax\/\" \/>\n<meta property=\"og:site_name\" content=\"Events CM, freelance services for DMC and out-going agencies\" \/>\n<meta property=\"article:modified_time\" content=\"2026-03-01T19:15:41+00:00\" \/>\n<meta name=\"twitter:card\" content=\"summary_large_image\" \/>\n<meta name=\"twitter:label1\" content=\"Odhadovan\u00e1 doba \u010dten\u00ed\" \/>\n\t<meta name=\"twitter:data1\" content=\"1 minuta\" \/>\n<script type=\"application\/ld+json\" class=\"yoast-schema-graph\">{\"@context\":\"https:\\\/\\\/schema.org\",\"@graph\":[{\"@type\":\"WebPage\",\"@id\":\"https:\\\/\\\/events-cm.com\\\/cs\\\/project\\\/seminaire-a-majorque-50-pax\\\/\",\"url\":\"https:\\\/\\\/events-cm.com\\\/cs\\\/project\\\/seminaire-a-majorque-50-pax\\\/\",\"name\":\"S\u00e9minaire \u00e0 Majorque - 50 pax - Events CM, freelance services for DMC and out-going agencies\",\"isPartOf\":{\"@id\":\"https:\\\/\\\/events-cm.com\\\/cs\\\/#website\"},\"datePublished\":\"2026-03-01T19:09:51+00:00\",\"dateModified\":\"2026-03-01T19:15:41+00:00\",\"breadcrumb\":{\"@id\":\"https:\\\/\\\/events-cm.com\\\/cs\\\/project\\\/seminaire-a-majorque-50-pax\\\/#breadcrumb\"},\"inLanguage\":\"cs\",\"potentialAction\":[{\"@type\":\"ReadAction\",\"target\":[\"https:\\\/\\\/events-cm.com\\\/cs\\\/project\\\/seminaire-a-majorque-50-pax\\\/\"]}]},{\"@type\":\"BreadcrumbList\",\"@id\":\"https:\\\/\\\/events-cm.com\\\/cs\\\/project\\\/seminaire-a-majorque-50-pax\\\/#breadcrumb\",\"itemListElement\":[{\"@type\":\"ListItem\",\"position\":1,\"name\":\"Accueil\",\"item\":\"https:\\\/\\\/events-cm.com\\\/cs\\\/\"},{\"@type\":\"ListItem\",\"position\":2,\"name\":\"Projekty\",\"item\":\"https:\\\/\\\/events-cm.com\\\/cs\\\/project\\\/\"},{\"@type\":\"ListItem\",\"position\":3,\"name\":\"S\u00e9minaire \u00e0 Majorque &#8211; 50 pax\"}]},{\"@type\":\"WebSite\",\"@id\":\"https:\\\/\\\/events-cm.com\\\/cs\\\/#website\",\"url\":\"https:\\\/\\\/events-cm.com\\\/cs\\\/\",\"name\":\"Events CM, freelance services for DMC and out-going agencies\",\"description\":\"The value-added to your projects - France and Czech Republic\",\"potentialAction\":[{\"@type\":\"SearchAction\",\"target\":{\"@type\":\"EntryPoint\",\"urlTemplate\":\"https:\\\/\\\/events-cm.com\\\/cs\\\/?s={search_term_string}\"},\"query-input\":{\"@type\":\"PropertyValueSpecification\",\"valueRequired\":true,\"valueName\":\"search_term_string\"}}],\"inLanguage\":\"cs\"}]}<\/script>\n<!-- \/ Yoast SEO plugin. -->","yoast_head_json":{"title":"S\u00e9minaire \u00e0 Majorque - 50 pax - Events CM, freelance services for DMC and out-going agencies","robots":{"index":"index","follow":"follow","max-snippet":"max-snippet:-1","max-image-preview":"max-image-preview:large","max-video-preview":"max-video-preview:-1"},"canonical":"https:\/\/events-cm.com\/cs\/project\/seminaire-a-majorque-50-pax\/","og_locale":"cs_CZ","og_type":"article","og_title":"S\u00e9minaire \u00e0 Majorque - 50 pax - Events CM, freelance services for DMC and out-going agencies","og_description":"Accompagnement de groupe et coordination, programme : Journ\u00e9e 1 Transfert vers Portal Nous Visite de Palma inclus l\u2019entr\u00e9e \u00e0 la cath\u00e9draleBarbecue \u00e0 l\u2019h\u00f4tel Journ\u00e9e 2 R\u00e9union\/d\u00e9jeuner sous forme d'atelier \u00e0 l\u2019h\u00f4telTransfert en train vintage vers Soller\u00a0 \u00a0 \u00a0 \u00a0 \u00a0 \u00a0 \u00a0 \u00a0 \u00a0 \u00a0 \u00a0 \u00a0 \u00a0 \u00a0 \u00a0 \u00a0 \u00a0 \u00a0 \u00a0 \u00a0 [&hellip;]","og_url":"https:\/\/events-cm.com\/cs\/project\/seminaire-a-majorque-50-pax\/","og_site_name":"Events CM, freelance services for DMC and out-going agencies","article_modified_time":"2026-03-01T19:15:41+00:00","twitter_card":"summary_large_image","twitter_misc":{"Odhadovan\u00e1 doba \u010dten\u00ed":"1 minuta"},"schema":{"@context":"https:\/\/schema.org","@graph":[{"@type":"WebPage","@id":"https:\/\/events-cm.com\/cs\/project\/seminaire-a-majorque-50-pax\/","url":"https:\/\/events-cm.com\/cs\/project\/seminaire-a-majorque-50-pax\/","name":"S\u00e9minaire \u00e0 Majorque - 50 pax - Events CM, freelance services for DMC and out-going agencies","isPartOf":{"@id":"https:\/\/events-cm.com\/cs\/#website"},"datePublished":"2026-03-01T19:09:51+00:00","dateModified":"2026-03-01T19:15:41+00:00","breadcrumb":{"@id":"https:\/\/events-cm.com\/cs\/project\/seminaire-a-majorque-50-pax\/#breadcrumb"},"inLanguage":"cs","potentialAction":[{"@type":"ReadAction","target":["https:\/\/events-cm.com\/cs\/project\/seminaire-a-majorque-50-pax\/"]}]},{"@type":"BreadcrumbList","@id":"https:\/\/events-cm.com\/cs\/project\/seminaire-a-majorque-50-pax\/#breadcrumb","itemListElement":[{"@type":"ListItem","position":1,"name":"Accueil","item":"https:\/\/events-cm.com\/cs\/"},{"@type":"ListItem","position":2,"name":"Projekty","item":"https:\/\/events-cm.com\/cs\/project\/"},{"@type":"ListItem","position":3,"name":"S\u00e9minaire \u00e0 Majorque &#8211; 50 pax"}]},{"@type":"WebSite","@id":"https:\/\/events-cm.com\/cs\/#website","url":"https:\/\/events-cm.com\/cs\/","name":"Events CM, freelance services for DMC and out-going agencies","description":"The value-added to your projects - France and Czech Republic","potentialAction":[{"@type":"SearchAction","target":{"@type":"EntryPoint","urlTemplate":"https:\/\/events-cm.com\/cs\/?s={search_term_string}"},"query-input":{"@type":"PropertyValueSpecification","valueRequired":true,"valueName":"search_term_string"}}],"inLanguage":"cs"}]}},"_links":{"self":[{"href":"https:\/\/events-cm.com\/cs\/wp-json\/wp\/v2\/project\/1486","targetHints":{"allow":["GET"]}}],"collection":[{"href":"https:\/\/events-cm.com\/cs\/wp-json\/wp\/v2\/project"}],"about":[{"href":"https:\/\/events-cm.com\/cs\/wp-json\/wp\/v2\/types\/project"}],"author":[{"embeddable":true,"href":"https:\/\/events-cm.com\/cs\/wp-json\/wp\/v2\/users\/1"}],"replies":[{"embeddable":true,"href":"https:\/\/events-cm.com\/cs\/wp-json\/wp\/v2\/comments?post=1486"}],"version-history":[{"count":28,"href":"https:\/\/events-cm.com\/cs\/wp-json\/wp\/v2\/project\/1486\/revisions"}],"predecessor-version":[{"id":1594,"href":"https:\/\/events-cm.com\/cs\/wp-json\/wp\/v2\/project\/1486\/revisions\/1594"}],"wp:attachment":[{"href":"https:\/\/events-cm.com\/cs\/wp-json\/wp\/v2\/media?parent=1486"}],"wp:term":[{"taxonomy":"project_category","embeddable":true,"href":"https:\/\/events-cm.com\/cs\/wp-json\/wp\/v2\/project_category?post=1486"},{"taxonomy":"project_tag","embeddable":true,"href":"https:\/\/events-cm.com\/cs\/wp-json\/wp\/v2\/project_tag?post=1486"}],"curies":[{"name":"wp","href":"https:\/\/api.w.org\/{rel}","templated":true}]}}