{"id":1064,"date":"2023-02-11T18:37:21","date_gmt":"2023-02-11T17:37:21","guid":{"rendered":"https:\/\/events-cm.com\/project\/assemblee-generale-ag-a-budapest\/"},"modified":"2023-02-11T18:37:52","modified_gmt":"2023-02-11T17:37:52","slug":"assemblee-generale-ag-a-budapest","status":"publish","type":"project","link":"https:\/\/events-cm.com\/en\/project\/assemblee-generale-ag-a-budapest\/","title":{"rendered":"Assembl\u00e9e g\u00e9n\u00e9rale (AG) \u00e0 Budapest"},"content":{"rendered":"<p>[et_pb_section fb_built=&#8221;1&#8243; fullwidth=&#8221;on&#8221; _builder_version=&#8221;4.16&#8243; da_disable_devices=&#8221;off|off|off&#8221; global_colors_info=&#8221;{}&#8221; da_is_popup=&#8221;off&#8221; da_exit_intent=&#8221;off&#8221; da_has_close=&#8221;on&#8221; da_alt_close=&#8221;off&#8221; da_dark_close=&#8221;off&#8221; da_not_modal=&#8221;on&#8221; da_is_singular=&#8221;off&#8221; da_with_loader=&#8221;off&#8221; da_has_shadow=&#8221;on&#8221;][et_pb_fullwidth_post_title meta=&#8221;off&#8221; featured_image=&#8221;off&#8221; text_color=&#8221;light&#8221; _builder_version=&#8221;4.16&#8243; title_font=&#8221;|800|||||||&#8221; title_font_size=&#8221;52px&#8221; background_color=&#8221;rgba(224,153,0,0.31)&#8221; background_image=&#8221;http:\/\/events-cm.com\/wp-content\/uploads\/2020\/10\/Nimes-travelling-in-south-of-France.jpg&#8221; parallax=&#8221;on&#8221; parallax_method=&#8221;off&#8221; text_orientation=&#8221;center&#8221; custom_padding=&#8221;||60px|&#8221; z_index_tablet=&#8221;500&#8243; title_text_shadow_horizontal_length_tablet=&#8221;0px&#8221; title_text_shadow_vertical_length_tablet=&#8221;0px&#8221; title_text_shadow_blur_strength_tablet=&#8221;1px&#8221; meta_text_shadow_horizontal_length_tablet=&#8221;0px&#8221; meta_text_shadow_vertical_length_tablet=&#8221;0px&#8221; meta_text_shadow_blur_strength_tablet=&#8221;1px&#8221; box_shadow_horizontal_tablet=&#8221;0px&#8221; box_shadow_vertical_tablet=&#8221;0px&#8221; box_shadow_blur_tablet=&#8221;40px&#8221; box_shadow_spread_tablet=&#8221;0px&#8221; text_shadow_style=&#8221;preset3&#8243; text_shadow_blur_strength_tablet=&#8221;1px&#8221; global_colors_info=&#8221;{}&#8221;][\/et_pb_fullwidth_post_title][\/et_pb_section][et_pb_section fb_built=&#8221;1&#8243; _builder_version=&#8221;4.16&#8243; da_disable_devices=&#8221;off|off|off&#8221; global_colors_info=&#8221;{}&#8221; da_is_popup=&#8221;off&#8221; da_exit_intent=&#8221;off&#8221; da_has_close=&#8221;on&#8221; da_alt_close=&#8221;off&#8221; da_dark_close=&#8221;off&#8221; da_not_modal=&#8221;on&#8221; da_is_singular=&#8221;off&#8221; da_with_loader=&#8221;off&#8221; da_has_shadow=&#8221;on&#8221;][et_pb_row _builder_version=&#8221;4.16&#8243; _module_preset=&#8221;default&#8221; global_colors_info=&#8221;{}&#8221;][et_pb_column type=&#8221;4_4&#8243; _builder_version=&#8221;4.16&#8243; _module_preset=&#8221;default&#8221; global_colors_info=&#8221;{}&#8221;][et_pb_text _builder_version=&#8221;4.16&#8243; _module_preset=&#8221;default&#8221; global_colors_info=&#8221;{}&#8221;]<\/p>\n<h3 style=\"text-align: center;\">30 pax du secteur bancaire<\/h3>\n<p>[\/et_pb_text][\/et_pb_column][\/et_pb_row][et_pb_row column_structure=&#8221;1_2,1_2&#8243; _builder_version=&#8221;4.16&#8243; background_size=&#8221;initial&#8221; background_position=&#8221;top_left&#8221; background_repeat=&#8221;repeat&#8221; global_colors_info=&#8221;{}&#8221;][et_pb_column type=&#8221;1_2&#8243; _builder_version=&#8221;4.16&#8243; custom_padding=&#8221;|||&#8221; global_colors_info=&#8221;{}&#8221; custom_padding__hover=&#8221;|||&#8221;][et_pb_gallery gallery_ids=&#8221;241,244,247,250,253,256,259,283&#8243; fullwidth=&#8221;on&#8221; _builder_version=&#8221;4.16&#8243; auto=&#8221;on&#8221; z_index_tablet=&#8221;500&#8243; title_text_shadow_horizontal_length_tablet=&#8221;0px&#8221; title_text_shadow_vertical_length_tablet=&#8221;0px&#8221; title_text_shadow_blur_strength_tablet=&#8221;1px&#8221; caption_text_shadow_horizontal_length_tablet=&#8221;0px&#8221; caption_text_shadow_vertical_length_tablet=&#8221;0px&#8221; caption_text_shadow_blur_strength_tablet=&#8221;1px&#8221; pagination_text_shadow_horizontal_length_tablet=&#8221;0px&#8221; pagination_text_shadow_vertical_length_tablet=&#8221;0px&#8221; pagination_text_shadow_blur_strength_tablet=&#8221;1px&#8221; box_shadow_horizontal_tablet=&#8221;0px&#8221; box_shadow_vertical_tablet=&#8221;0px&#8221; box_shadow_blur_tablet=&#8221;40px&#8221; box_shadow_spread_tablet=&#8221;0px&#8221; box_shadow_horizontal_image_tablet=&#8221;0px&#8221; box_shadow_vertical_image_tablet=&#8221;0px&#8221; box_shadow_blur_image_tablet=&#8221;40px&#8221; box_shadow_spread_image_tablet=&#8221;0px&#8221; text_shadow_horizontal_length_tablet=&#8221;0px&#8221; text_shadow_vertical_length_tablet=&#8221;0px&#8221; text_shadow_blur_strength_tablet=&#8221;1px&#8221; global_colors_info=&#8221;{}&#8221;][\/et_pb_gallery][\/et_pb_column][et_pb_column type=&#8221;1_2&#8243; _builder_version=&#8221;4.16&#8243; custom_padding=&#8221;|||&#8221; global_colors_info=&#8221;{}&#8221; custom_padding__hover=&#8221;|||&#8221;][et_pb_text _builder_version=&#8221;4.16&#8243; animation_style=&#8221;slide&#8221; animation_direction=&#8221;right&#8221; z_index_tablet=&#8221;500&#8243; text_text_shadow_horizontal_length_tablet=&#8221;0px&#8221; text_text_shadow_vertical_length_tablet=&#8221;0px&#8221; text_text_shadow_blur_strength_tablet=&#8221;1px&#8221; link_text_shadow_horizontal_length_tablet=&#8221;0px&#8221; link_text_shadow_vertical_length_tablet=&#8221;0px&#8221; link_text_shadow_blur_strength_tablet=&#8221;1px&#8221; ul_text_shadow_horizontal_length_tablet=&#8221;0px&#8221; ul_text_shadow_vertical_length_tablet=&#8221;0px&#8221; ul_text_shadow_blur_strength_tablet=&#8221;1px&#8221; ol_text_shadow_horizontal_length_tablet=&#8221;0px&#8221; ol_text_shadow_vertical_length_tablet=&#8221;0px&#8221; ol_text_shadow_blur_strength_tablet=&#8221;1px&#8221; quote_text_shadow_horizontal_length_tablet=&#8221;0px&#8221; quote_text_shadow_vertical_length_tablet=&#8221;0px&#8221; quote_text_shadow_blur_strength_tablet=&#8221;1px&#8221; header_text_shadow_horizontal_length_tablet=&#8221;0px&#8221; header_text_shadow_vertical_length_tablet=&#8221;0px&#8221; header_text_shadow_blur_strength_tablet=&#8221;1px&#8221; header_2_text_shadow_horizontal_length_tablet=&#8221;0px&#8221; header_2_text_shadow_vertical_length_tablet=&#8221;0px&#8221; header_2_text_shadow_blur_strength_tablet=&#8221;1px&#8221; header_3_text_shadow_horizontal_length_tablet=&#8221;0px&#8221; header_3_text_shadow_vertical_length_tablet=&#8221;0px&#8221; header_3_text_shadow_blur_strength_tablet=&#8221;1px&#8221; header_4_text_shadow_horizontal_length_tablet=&#8221;0px&#8221; header_4_text_shadow_vertical_length_tablet=&#8221;0px&#8221; header_4_text_shadow_blur_strength_tablet=&#8221;1px&#8221; header_5_text_shadow_horizontal_length_tablet=&#8221;0px&#8221; header_5_text_shadow_vertical_length_tablet=&#8221;0px&#8221; header_5_text_shadow_blur_strength_tablet=&#8221;1px&#8221; header_6_text_shadow_horizontal_length_tablet=&#8221;0px&#8221; header_6_text_shadow_vertical_length_tablet=&#8221;0px&#8221; header_6_text_shadow_blur_strength_tablet=&#8221;1px&#8221; box_shadow_horizontal_tablet=&#8221;0px&#8221; box_shadow_vertical_tablet=&#8221;0px&#8221; box_shadow_blur_tablet=&#8221;40px&#8221; box_shadow_spread_tablet=&#8221;0px&#8221; global_colors_info=&#8221;{}&#8221;]<\/p>\n<h4>Journ\u00e9e 1<\/h4>\n<p>Transferts individuels en mini van dans un h\u00f4tel de luxe situ\u00e9 \u00e0 Mala Strana<br \/>Promenade nocturne dans l\u2019enceinte du Ch\u00e2teau de Prague accompagn\u00e9 de notre guide conf\u00e9rencier<br \/>Diner avec vue panoramique sur la ville en privatif<br \/>Retour \u00e0 l\u2019h\u00f4tel<\/p>\n<h4>Journ\u00e9e 2<\/h4>\n<p>R\u00e9union avec un intervenant \u00e9conomique \u00e0 l\u2019ambassade de France.<br \/>D\u00eener exclusif \u00e0 l\u2019ambassade de France<br \/>Photoshooting des invit\u00e9s durant la soir\u00e9e. <br \/>Retour \u00e0 l&#8217;h\u00f4tel<\/p>\n<h4>Journ\u00e9e 3<\/h4>\n<p>Balade en voiture de sport en dehors de Prague<br \/>D\u00e9jeuner &amp; r\u00e9union dans l\u2019apr\u00e8s-midi dans un ch\u00e2teau en dehors de Prague<br \/>Retour \u00e0 Prague en voiture de sport.<br \/>D\u00eener d\u00e9gustation en exclusivit\u00e9 dans le restaurant \u00e9toil\u00e9 Michelin de Prague.<\/p>\n<h4>Journ\u00e9e 4<\/h4>\n<p>Matin\u00e9e libre &amp; shopping<br \/>Brunch \u00e0 l\u2019h\u00f4tel &amp; d\u00e9part des invit\u00e9s de Prague<\/p>\n<p>[\/et_pb_text][\/et_pb_column][\/et_pb_row][et_pb_row column_structure=&#8221;1_2,1_2&#8243; _builder_version=&#8221;3.25&#8243; background_size=&#8221;initial&#8221; background_position=&#8221;top_left&#8221; background_repeat=&#8221;repeat&#8221; global_module=&#8221;664&#8243; saved_tabs=&#8221;all&#8221; global_colors_info=&#8221;{}&#8221;][et_pb_column type=&#8221;1_2&#8243; _builder_version=&#8221;4.16&#8243; custom_padding=&#8221;|||&#8221; global_colors_info=&#8221;{}&#8221; custom_padding__hover=&#8221;|||&#8221;][et_pb_text _builder_version=&#8221;4.16&#8243; z_index_tablet=&#8221;500&#8243; text_text_shadow_horizontal_length_tablet=&#8221;0px&#8221; text_text_shadow_vertical_length_tablet=&#8221;0px&#8221; text_text_shadow_blur_strength_tablet=&#8221;1px&#8221; link_text_shadow_horizontal_length_tablet=&#8221;0px&#8221; link_text_shadow_vertical_length_tablet=&#8221;0px&#8221; link_text_shadow_blur_strength_tablet=&#8221;1px&#8221; ul_text_shadow_horizontal_length_tablet=&#8221;0px&#8221; ul_text_shadow_vertical_length_tablet=&#8221;0px&#8221; ul_text_shadow_blur_strength_tablet=&#8221;1px&#8221; ol_text_shadow_horizontal_length_tablet=&#8221;0px&#8221; ol_text_shadow_vertical_length_tablet=&#8221;0px&#8221; ol_text_shadow_blur_strength_tablet=&#8221;1px&#8221; quote_text_shadow_horizontal_length_tablet=&#8221;0px&#8221; quote_text_shadow_vertical_length_tablet=&#8221;0px&#8221; quote_text_shadow_blur_strength_tablet=&#8221;1px&#8221; header_text_shadow_horizontal_length_tablet=&#8221;0px&#8221; header_text_shadow_vertical_length_tablet=&#8221;0px&#8221; header_text_shadow_blur_strength_tablet=&#8221;1px&#8221; header_2_text_shadow_horizontal_length_tablet=&#8221;0px&#8221; header_2_text_shadow_vertical_length_tablet=&#8221;0px&#8221; header_2_text_shadow_blur_strength_tablet=&#8221;1px&#8221; header_3_text_shadow_horizontal_length_tablet=&#8221;0px&#8221; header_3_text_shadow_vertical_length_tablet=&#8221;0px&#8221; header_3_text_shadow_blur_strength_tablet=&#8221;1px&#8221; header_4_text_shadow_horizontal_length_tablet=&#8221;0px&#8221; header_4_text_shadow_vertical_length_tablet=&#8221;0px&#8221; header_4_text_shadow_blur_strength_tablet=&#8221;1px&#8221; header_5_text_shadow_horizontal_length_tablet=&#8221;0px&#8221; header_5_text_shadow_vertical_length_tablet=&#8221;0px&#8221; header_5_text_shadow_blur_strength_tablet=&#8221;1px&#8221; header_6_text_shadow_horizontal_length_tablet=&#8221;0px&#8221; header_6_text_shadow_vertical_length_tablet=&#8221;0px&#8221; header_6_text_shadow_blur_strength_tablet=&#8221;1px&#8221; box_shadow_horizontal_tablet=&#8221;0px&#8221; box_shadow_vertical_tablet=&#8221;0px&#8221; box_shadow_blur_tablet=&#8221;40px&#8221; box_shadow_spread_tablet=&#8221;0px&#8221; global_colors_info=&#8221;{}&#8221;]<img loading=\"lazy\" decoding=\"async\" class=\"wp-image-447 size-thumbnail alignleft\" src=\"http:\/\/events-cm.com\/wp-content\/uploads\/2021\/07\/DIZAK-KETEX-dzk-events-MICE-150x150.jpg\" alt=\"Logo DZK Travel\" width=\"50\" height=\"50\" \/><\/p>\n<p style=\"text-align: left;\"><em>\u200bR\u00e9alis\u00e9 par <a target=\"_blank\" href=\"http:\/\/dzk-dmc.com\" rel=\"noopener\">DZK Travel<\/a> \u2013 Christine cheffe de projet<\/em><\/p>\n<p>[\/et_pb_text][\/et_pb_column][et_pb_column type=&#8221;1_2&#8243; _builder_version=&#8221;4.16&#8243; custom_padding=&#8221;|||&#8221; global_colors_info=&#8221;{}&#8221; custom_padding__hover=&#8221;|||&#8221;][\/et_pb_column][\/et_pb_row][\/et_pb_section]<\/p>\n","protected":false},"excerpt":{"rendered":"<p>30 pax du secteur bancaireJourn\u00e9e 1 Transferts individuels en mini van dans un h\u00f4tel de luxe situ\u00e9 \u00e0 Mala StranaPromenade nocturne dans l\u2019enceinte du Ch\u00e2teau de Prague accompagn\u00e9 de notre guide conf\u00e9rencierDiner avec vue panoramique sur la ville en privatifRetour \u00e0 l\u2019h\u00f4tel Journ\u00e9e 2 R\u00e9union avec un intervenant \u00e9conomique \u00e0 l\u2019ambassade de France.D\u00eener exclusif \u00e0 [&hellip;]<\/p>\n","protected":false},"author":1,"featured_media":0,"comment_status":"open","ping_status":"closed","template":"","meta":{"_et_pb_use_builder":"on","_et_pb_old_content":"","_et_gb_content_width":"","footnotes":""},"project_category":[],"project_tag":[],"class_list":["post-1064","project","type-project","status-publish","hentry"],"yoast_head":"<!-- This site is optimized with the Yoast SEO plugin v27.5 - https:\/\/yoast.com\/product\/yoast-seo-wordpress\/ -->\n<title>Assembl\u00e9e g\u00e9n\u00e9rale (AG) \u00e0 Budapest - Events CM, freelance services for DMC and out-going agencies<\/title>\n<meta name=\"robots\" content=\"index, follow, max-snippet:-1, max-image-preview:large, max-video-preview:-1\" \/>\n<link rel=\"canonical\" href=\"https:\/\/events-cm.com\/en\/project\/assemblee-generale-ag-a-budapest\/\" \/>\n<meta property=\"og:locale\" content=\"en_US\" \/>\n<meta property=\"og:type\" content=\"article\" \/>\n<meta property=\"og:title\" content=\"Assembl\u00e9e g\u00e9n\u00e9rale (AG) \u00e0 Budapest - Events CM, freelance services for DMC and out-going agencies\" \/>\n<meta property=\"og:description\" content=\"30 pax du secteur bancaireJourn\u00e9e 1 Transferts individuels en mini van dans un h\u00f4tel de luxe situ\u00e9 \u00e0 Mala StranaPromenade nocturne dans l\u2019enceinte du Ch\u00e2teau de Prague accompagn\u00e9 de notre guide conf\u00e9rencierDiner avec vue panoramique sur la ville en privatifRetour \u00e0 l\u2019h\u00f4tel Journ\u00e9e 2 R\u00e9union avec un intervenant \u00e9conomique \u00e0 l\u2019ambassade de France.D\u00eener exclusif \u00e0 [&hellip;]\" \/>\n<meta property=\"og:url\" content=\"https:\/\/events-cm.com\/en\/project\/assemblee-generale-ag-a-budapest\/\" \/>\n<meta property=\"og:site_name\" content=\"Events CM, freelance services for DMC and out-going agencies\" \/>\n<meta property=\"article:modified_time\" content=\"2023-02-11T17:37:52+00:00\" \/>\n<meta property=\"og:image\" content=\"http:\/\/events-cm.com\/wp-content\/uploads\/2021\/07\/DIZAK-KETEX-dzk-events-MICE-150x150.jpg\" \/>\n<meta name=\"twitter:card\" content=\"summary_large_image\" \/>\n<script type=\"application\/ld+json\" class=\"yoast-schema-graph\">{\"@context\":\"https:\\\/\\\/schema.org\",\"@graph\":[{\"@type\":\"WebPage\",\"@id\":\"https:\\\/\\\/events-cm.com\\\/en\\\/project\\\/assemblee-generale-ag-a-budapest\\\/\",\"url\":\"https:\\\/\\\/events-cm.com\\\/en\\\/project\\\/assemblee-generale-ag-a-budapest\\\/\",\"name\":\"Assembl\u00e9e g\u00e9n\u00e9rale (AG) \u00e0 Budapest - Events CM, freelance services for DMC and out-going agencies\",\"isPartOf\":{\"@id\":\"https:\\\/\\\/events-cm.com\\\/en\\\/#website\"},\"primaryImageOfPage\":{\"@id\":\"https:\\\/\\\/events-cm.com\\\/en\\\/project\\\/assemblee-generale-ag-a-budapest\\\/#primaryimage\"},\"image\":{\"@id\":\"https:\\\/\\\/events-cm.com\\\/en\\\/project\\\/assemblee-generale-ag-a-budapest\\\/#primaryimage\"},\"thumbnailUrl\":\"http:\\\/\\\/events-cm.com\\\/wp-content\\\/uploads\\\/2021\\\/07\\\/DIZAK-KETEX-dzk-events-MICE-150x150.jpg\",\"datePublished\":\"2023-02-11T17:37:21+00:00\",\"dateModified\":\"2023-02-11T17:37:52+00:00\",\"breadcrumb\":{\"@id\":\"https:\\\/\\\/events-cm.com\\\/en\\\/project\\\/assemblee-generale-ag-a-budapest\\\/#breadcrumb\"},\"inLanguage\":\"en-US\",\"potentialAction\":[{\"@type\":\"ReadAction\",\"target\":[\"https:\\\/\\\/events-cm.com\\\/en\\\/project\\\/assemblee-generale-ag-a-budapest\\\/\"]}]},{\"@type\":\"ImageObject\",\"inLanguage\":\"en-US\",\"@id\":\"https:\\\/\\\/events-cm.com\\\/en\\\/project\\\/assemblee-generale-ag-a-budapest\\\/#primaryimage\",\"url\":\"http:\\\/\\\/events-cm.com\\\/wp-content\\\/uploads\\\/2021\\\/07\\\/DIZAK-KETEX-dzk-events-MICE-150x150.jpg\",\"contentUrl\":\"http:\\\/\\\/events-cm.com\\\/wp-content\\\/uploads\\\/2021\\\/07\\\/DIZAK-KETEX-dzk-events-MICE-150x150.jpg\"},{\"@type\":\"BreadcrumbList\",\"@id\":\"https:\\\/\\\/events-cm.com\\\/en\\\/project\\\/assemblee-generale-ag-a-budapest\\\/#breadcrumb\",\"itemListElement\":[{\"@type\":\"ListItem\",\"position\":1,\"name\":\"Accueil\",\"item\":\"https:\\\/\\\/events-cm.com\\\/en\\\/\"},{\"@type\":\"ListItem\",\"position\":2,\"name\":\"Projects\",\"item\":\"https:\\\/\\\/events-cm.com\\\/en\\\/project\\\/\"},{\"@type\":\"ListItem\",\"position\":3,\"name\":\"Assembl\u00e9e g\u00e9n\u00e9rale (AG) \u00e0 Budapest\"}]},{\"@type\":\"WebSite\",\"@id\":\"https:\\\/\\\/events-cm.com\\\/en\\\/#website\",\"url\":\"https:\\\/\\\/events-cm.com\\\/en\\\/\",\"name\":\"Events CM, freelance services for DMC and out-going agencies\",\"description\":\"The value-added to your projects - France and Czech Republic\",\"potentialAction\":[{\"@type\":\"SearchAction\",\"target\":{\"@type\":\"EntryPoint\",\"urlTemplate\":\"https:\\\/\\\/events-cm.com\\\/en\\\/?s={search_term_string}\"},\"query-input\":{\"@type\":\"PropertyValueSpecification\",\"valueRequired\":true,\"valueName\":\"search_term_string\"}}],\"inLanguage\":\"en-US\"}]}<\/script>\n<!-- \/ Yoast SEO plugin. -->","yoast_head_json":{"title":"Assembl\u00e9e g\u00e9n\u00e9rale (AG) \u00e0 Budapest - Events CM, freelance services for DMC and out-going agencies","robots":{"index":"index","follow":"follow","max-snippet":"max-snippet:-1","max-image-preview":"max-image-preview:large","max-video-preview":"max-video-preview:-1"},"canonical":"https:\/\/events-cm.com\/en\/project\/assemblee-generale-ag-a-budapest\/","og_locale":"en_US","og_type":"article","og_title":"Assembl\u00e9e g\u00e9n\u00e9rale (AG) \u00e0 Budapest - Events CM, freelance services for DMC and out-going agencies","og_description":"30 pax du secteur bancaireJourn\u00e9e 1 Transferts individuels en mini van dans un h\u00f4tel de luxe situ\u00e9 \u00e0 Mala StranaPromenade nocturne dans l\u2019enceinte du Ch\u00e2teau de Prague accompagn\u00e9 de notre guide conf\u00e9rencierDiner avec vue panoramique sur la ville en privatifRetour \u00e0 l\u2019h\u00f4tel Journ\u00e9e 2 R\u00e9union avec un intervenant \u00e9conomique \u00e0 l\u2019ambassade de France.D\u00eener exclusif \u00e0 [&hellip;]","og_url":"https:\/\/events-cm.com\/en\/project\/assemblee-generale-ag-a-budapest\/","og_site_name":"Events CM, freelance services for DMC and out-going agencies","article_modified_time":"2023-02-11T17:37:52+00:00","og_image":[{"url":"http:\/\/events-cm.com\/wp-content\/uploads\/2021\/07\/DIZAK-KETEX-dzk-events-MICE-150x150.jpg","type":"","width":"","height":""}],"twitter_card":"summary_large_image","schema":{"@context":"https:\/\/schema.org","@graph":[{"@type":"WebPage","@id":"https:\/\/events-cm.com\/en\/project\/assemblee-generale-ag-a-budapest\/","url":"https:\/\/events-cm.com\/en\/project\/assemblee-generale-ag-a-budapest\/","name":"Assembl\u00e9e g\u00e9n\u00e9rale (AG) \u00e0 Budapest - Events CM, freelance services for DMC and out-going agencies","isPartOf":{"@id":"https:\/\/events-cm.com\/en\/#website"},"primaryImageOfPage":{"@id":"https:\/\/events-cm.com\/en\/project\/assemblee-generale-ag-a-budapest\/#primaryimage"},"image":{"@id":"https:\/\/events-cm.com\/en\/project\/assemblee-generale-ag-a-budapest\/#primaryimage"},"thumbnailUrl":"http:\/\/events-cm.com\/wp-content\/uploads\/2021\/07\/DIZAK-KETEX-dzk-events-MICE-150x150.jpg","datePublished":"2023-02-11T17:37:21+00:00","dateModified":"2023-02-11T17:37:52+00:00","breadcrumb":{"@id":"https:\/\/events-cm.com\/en\/project\/assemblee-generale-ag-a-budapest\/#breadcrumb"},"inLanguage":"en-US","potentialAction":[{"@type":"ReadAction","target":["https:\/\/events-cm.com\/en\/project\/assemblee-generale-ag-a-budapest\/"]}]},{"@type":"ImageObject","inLanguage":"en-US","@id":"https:\/\/events-cm.com\/en\/project\/assemblee-generale-ag-a-budapest\/#primaryimage","url":"http:\/\/events-cm.com\/wp-content\/uploads\/2021\/07\/DIZAK-KETEX-dzk-events-MICE-150x150.jpg","contentUrl":"http:\/\/events-cm.com\/wp-content\/uploads\/2021\/07\/DIZAK-KETEX-dzk-events-MICE-150x150.jpg"},{"@type":"BreadcrumbList","@id":"https:\/\/events-cm.com\/en\/project\/assemblee-generale-ag-a-budapest\/#breadcrumb","itemListElement":[{"@type":"ListItem","position":1,"name":"Accueil","item":"https:\/\/events-cm.com\/en\/"},{"@type":"ListItem","position":2,"name":"Projects","item":"https:\/\/events-cm.com\/en\/project\/"},{"@type":"ListItem","position":3,"name":"Assembl\u00e9e g\u00e9n\u00e9rale (AG) \u00e0 Budapest"}]},{"@type":"WebSite","@id":"https:\/\/events-cm.com\/en\/#website","url":"https:\/\/events-cm.com\/en\/","name":"Events CM, freelance services for DMC and out-going agencies","description":"The value-added to your projects - France and Czech Republic","potentialAction":[{"@type":"SearchAction","target":{"@type":"EntryPoint","urlTemplate":"https:\/\/events-cm.com\/en\/?s={search_term_string}"},"query-input":{"@type":"PropertyValueSpecification","valueRequired":true,"valueName":"search_term_string"}}],"inLanguage":"en-US"}]}},"_links":{"self":[{"href":"https:\/\/events-cm.com\/en\/wp-json\/wp\/v2\/project\/1064","targetHints":{"allow":["GET"]}}],"collection":[{"href":"https:\/\/events-cm.com\/en\/wp-json\/wp\/v2\/project"}],"about":[{"href":"https:\/\/events-cm.com\/en\/wp-json\/wp\/v2\/types\/project"}],"author":[{"embeddable":true,"href":"https:\/\/events-cm.com\/en\/wp-json\/wp\/v2\/users\/1"}],"replies":[{"embeddable":true,"href":"https:\/\/events-cm.com\/en\/wp-json\/wp\/v2\/comments?post=1064"}],"version-history":[{"count":1,"href":"https:\/\/events-cm.com\/en\/wp-json\/wp\/v2\/project\/1064\/revisions"}],"predecessor-version":[{"id":1065,"href":"https:\/\/events-cm.com\/en\/wp-json\/wp\/v2\/project\/1064\/revisions\/1065"}],"wp:attachment":[{"href":"https:\/\/events-cm.com\/en\/wp-json\/wp\/v2\/media?parent=1064"}],"wp:term":[{"taxonomy":"project_category","embeddable":true,"href":"https:\/\/events-cm.com\/en\/wp-json\/wp\/v2\/project_category?post=1064"},{"taxonomy":"project_tag","embeddable":true,"href":"https:\/\/events-cm.com\/en\/wp-json\/wp\/v2\/project_tag?post=1064"}],"curies":[{"name":"wp","href":"https:\/\/api.w.org\/{rel}","templated":true}]}}